{"id":3494,"date":"2020-07-21T11:21:53","date_gmt":"2020-07-21T09:21:53","guid":{"rendered":"https:\/\/help.phase-6.de\/?post_type=ht_kb&#038;p=3494"},"modified":"2026-01-22T13:57:02","modified_gmt":"2026-01-22T12:57:02","slug":"muss-ich-fuer-jedes-kind-eine-vokabelsammlung-kaufen","status":"publish","type":"ht_kb","link":"https:\/\/www.phase-6.de\/help\/knowledge-base\/muss-ich-fuer-jedes-kind-eine-vokabelsammlung-kaufen\/","title":{"rendered":"Muss ich f\u00fcr jedes Kind eine Vokabelsammlung kaufen?"},"content":{"rendered":"\n<div style=\"border-left:6px solid #e67e22; background:#fff4e5; padding:16px 18px; margin:20px 0; font-size:1.05em;\">\n  <strong>Hinweis zu Paketen und B\u00fcchern:<\/strong><br \/><br \/>\n  In den Paketen <strong>Gold<\/strong>, <strong>Platin<\/strong> und <strong>Diamant<\/strong> sind bereits Buchkontingente f\u00fcr das jeweilige Schuljahr enthalten. Die B\u00fccher k\u00f6nnen selbst gew\u00e4hlt werden.<br \/><br \/>\n  Jede Person, die <strong>aktiv mit phase6 lernt<\/strong>, ben\u00f6tigt entweder eigene B\u00fccher oder ein eigenes Paket.<br \/><br \/>\n  \u00dcbt ein Elternteil lediglich die <strong>Verwaltung<\/strong> (z. B. Lernstand einsehen, Einstellungen vornehmen) aus und lernt selbst nicht aktiv, ist f\u00fcr den Eltern-Account <strong>kein eigenes Paket<\/strong> erforderlich.<br \/><br \/>\n<\/div>\n\n\n\n<p>Grunds\u00e4tzlich ben\u00f6tigt jeder Kinder-Account seine eigene Vokabelsammlung. Eine Vokabelsammlung kann nicht von mehreren Kindern gleichzeitig verwendet werden.&nbsp;<\/p>\n\n\n\n<p>Als Elternteil kannst du die Vokabelsammlungen f\u00fcr dein Kind kaufen und einmalig \u00fcbertragen. Wie du die Vokabelsammlung \u00fcbertragen kannst, erf\u00e4hrst du <a href=\"https:\/\/help.phase-6.de\/knowledge-base\/lerninhalte-uebertragen\/\">hier.<\/a><\/p>\n\n\n\n<p>\u00dcber unseren <a href=\"https:\/\/www.phase-6.de\/classic\/shop\/\">Web-Shop<\/a> kannst du jederzeit eine Vokabelsammlung erneut kaufen.<\/p>\n\n\n<div class=\"wp-block-image\">\n<figure class=\"aligncenter size-large\"><a href=\"https:\/\/www.phase-6.de\/help\/wp-content\/uploads\/2024\/04\/A-test-15.png\"><img loading=\"lazy\" decoding=\"async\" width=\"1024\" height=\"542\" src=\"https:\/\/www.phase-6.de\/help\/wp-content\/uploads\/2024\/04\/A-test-15-1024x542.png\" alt=\"\" class=\"wp-image-16791\" srcset=\"https:\/\/www.phase-6.de\/help\/wp-content\/uploads\/2024\/04\/A-test-15-1024x542.png 1024w, https:\/\/www.phase-6.de\/help\/wp-content\/uploads\/2024\/04\/A-test-15-300x159.png 300w, https:\/\/www.phase-6.de\/help\/wp-content\/uploads\/2024\/04\/A-test-15-768x406.png 768w, https:\/\/www.phase-6.de\/help\/wp-content\/uploads\/2024\/04\/A-test-15-50x26.png 50w, https:\/\/www.phase-6.de\/help\/wp-content\/uploads\/2024\/04\/A-test-15-1536x813.png 1536w, https:\/\/www.phase-6.de\/help\/wp-content\/uploads\/2024\/04\/A-test-15-60x32.png 60w, https:\/\/www.phase-6.de\/help\/wp-content\/uploads\/2024\/04\/A-test-15-100x53.png 100w, https:\/\/www.phase-6.de\/help\/wp-content\/uploads\/2024\/04\/A-test-15.png 1280w\" sizes=\"auto, (max-width: 1024px) 100vw, 1024px\" \/><\/a><\/figure>\n<\/div>","protected":false},"excerpt":{"rendered":"<p>Hinweis zu Paketen und B\u00fcchern: In den Paketen Gold, Platin und Diamant sind bereits Buchkontingente f\u00fcr das jeweilige Schuljahr enthalten. Die B\u00fccher k\u00f6nnen selbst gew\u00e4hlt werden. Jede Person, die aktiv mit phase6 lernt, ben\u00f6tigt entweder eigene B\u00fccher oder ein eigenes Paket. \u00dcbt ein Elternteil lediglich die Verwaltung (z. B. Lernstand&#8230;<\/p>\n","protected":false},"author":1,"comment_status":"closed","ping_status":"closed","template":"","format":"standard","meta":{"_yoast_wpseo_focuskw":"","_yoast_wpseo_title":"","_yoast_wpseo_metadesc":"Hier erf\u00e4hrst du, ob du f\u00fcr jedes Kind eine Vokabelsammlung kaufen musst.","_yoast_wpseo_canonical":"","_yoast_wpseo_opengraph-title":"","_yoast_wpseo_opengraph-description":"","footnotes":""},"ht-kb-category":[146],"ht-kb-tag":[262,275,278],"class_list":["post-3494","ht_kb","type-ht_kb","status-publish","format-standard","hentry","ht_kb_category-haeufig-gestellte-fragen","ht_kb_tag-teilen","ht_kb_tag-uebertragen","ht_kb_tag-zwilling"],"yoast_head":"<!-- This site is optimized with the Yoast SEO plugin v26.9 - https:\/\/yoast.com\/product\/yoast-seo-wordpress\/ -->\n<title>phase6 Help Center<\/title>\n<meta name=\"description\" content=\"Hier erf\u00e4hrst du, ob du f\u00fcr jedes Kind eine Vokabelsammlung kaufen musst.\" \/>\n<meta name=\"robots\" content=\"index, follow, max-snippet:-1, max-image-preview:large, max-video-preview:-1\" \/>\n<link rel=\"canonical\" href=\"https:\/\/www.phase-6.de\/help\/knowledge-base\/muss-ich-fuer-jedes-kind-eine-vokabelsammlung-kaufen\/\" \/>\n<meta property=\"og:locale\" content=\"de_DE\" \/>\n<meta property=\"og:type\" content=\"article\" \/>\n<meta property=\"og:title\" content=\"phase6 Help Center\" \/>\n<meta property=\"og:description\" content=\"Hier erf\u00e4hrst du, ob du f\u00fcr jedes Kind eine Vokabelsammlung kaufen musst.\" \/>\n<meta property=\"og:url\" content=\"https:\/\/www.phase-6.de\/help\/knowledge-base\/muss-ich-fuer-jedes-kind-eine-vokabelsammlung-kaufen\/\" \/>\n<meta property=\"og:site_name\" content=\"phase6 Help Center\" \/>\n<meta property=\"article:publisher\" content=\"https:\/\/www.facebook.com\/phase6.de\/\" \/>\n<meta property=\"article:modified_time\" content=\"2026-01-22T12:57:02+00:00\" \/>\n<meta property=\"og:image\" content=\"https:\/\/www.phase-6.de\/help\/wp-content\/uploads\/2024\/04\/A-test-15.png\" \/>\n\t<meta property=\"og:image:width\" content=\"1280\" \/>\n\t<meta property=\"og:image:height\" content=\"677\" \/>\n\t<meta property=\"og:image:type\" content=\"image\/png\" \/>\n<meta name=\"twitter:card\" content=\"summary_large_image\" \/>\n<meta name=\"twitter:label1\" content=\"Gesch\u00e4tzte Lesezeit\" \/>\n\t<meta name=\"twitter:data1\" content=\"1\u00a0Minute\" \/>\n<script type=\"application\/ld+json\" class=\"yoast-schema-graph\">{\"@context\":\"https:\/\/schema.org\",\"@graph\":[{\"@type\":\"WebPage\",\"@id\":\"https:\/\/www.phase-6.de\/help\/knowledge-base\/muss-ich-fuer-jedes-kind-eine-vokabelsammlung-kaufen\/\",\"url\":\"https:\/\/www.phase-6.de\/help\/knowledge-base\/muss-ich-fuer-jedes-kind-eine-vokabelsammlung-kaufen\/\",\"name\":\"phase6 Help Center\",\"isPartOf\":{\"@id\":\"https:\/\/www.phase-6.de\/help\/#website\"},\"primaryImageOfPage\":{\"@id\":\"https:\/\/www.phase-6.de\/help\/knowledge-base\/muss-ich-fuer-jedes-kind-eine-vokabelsammlung-kaufen\/#primaryimage\"},\"image\":{\"@id\":\"https:\/\/www.phase-6.de\/help\/knowledge-base\/muss-ich-fuer-jedes-kind-eine-vokabelsammlung-kaufen\/#primaryimage\"},\"thumbnailUrl\":\"https:\/\/www.phase-6.de\/help\/wp-content\/uploads\/2024\/04\/A-test-15-1024x542.png\",\"datePublished\":\"2020-07-21T09:21:53+00:00\",\"dateModified\":\"2026-01-22T12:57:02+00:00\",\"description\":\"Hier erf\u00e4hrst du, ob du f\u00fcr jedes Kind eine Vokabelsammlung kaufen musst.\",\"breadcrumb\":{\"@id\":\"https:\/\/www.phase-6.de\/help\/knowledge-base\/muss-ich-fuer-jedes-kind-eine-vokabelsammlung-kaufen\/#breadcrumb\"},\"inLanguage\":\"de\",\"potentialAction\":[{\"@type\":\"ReadAction\",\"target\":[\"https:\/\/www.phase-6.de\/help\/knowledge-base\/muss-ich-fuer-jedes-kind-eine-vokabelsammlung-kaufen\/\"]}]},{\"@type\":\"ImageObject\",\"inLanguage\":\"de\",\"@id\":\"https:\/\/www.phase-6.de\/help\/knowledge-base\/muss-ich-fuer-jedes-kind-eine-vokabelsammlung-kaufen\/#primaryimage\",\"url\":\"https:\/\/www.phase-6.de\/help\/wp-content\/uploads\/2024\/04\/A-test-15.png\",\"contentUrl\":\"https:\/\/www.phase-6.de\/help\/wp-content\/uploads\/2024\/04\/A-test-15.png\",\"width\":1280,\"height\":677},{\"@type\":\"BreadcrumbList\",\"@id\":\"https:\/\/www.phase-6.de\/help\/knowledge-base\/muss-ich-fuer-jedes-kind-eine-vokabelsammlung-kaufen\/#breadcrumb\",\"itemListElement\":[{\"@type\":\"ListItem\",\"position\":1,\"name\":\"Home\",\"item\":\"https:\/\/www.phase-6.de\/help\/\"},{\"@type\":\"ListItem\",\"position\":2,\"name\":\"Muss ich f\u00fcr jedes Kind eine Vokabelsammlung kaufen?\"}]},{\"@type\":\"WebSite\",\"@id\":\"https:\/\/www.phase-6.de\/help\/#website\",\"url\":\"https:\/\/www.phase-6.de\/help\/\",\"name\":\"phase6 Help Center\",\"description\":\"Help\",\"publisher\":{\"@id\":\"https:\/\/www.phase-6.de\/help\/#organization\"},\"potentialAction\":[{\"@type\":\"SearchAction\",\"target\":{\"@type\":\"EntryPoint\",\"urlTemplate\":\"https:\/\/www.phase-6.de\/help\/?s={search_term_string}\"},\"query-input\":{\"@type\":\"PropertyValueSpecification\",\"valueRequired\":true,\"valueName\":\"search_term_string\"}}],\"inLanguage\":\"de\"},{\"@type\":\"Organization\",\"@id\":\"https:\/\/www.phase-6.de\/help\/#organization\",\"name\":\"phase-6 GmbH\",\"url\":\"https:\/\/www.phase-6.de\/help\/\",\"logo\":{\"@type\":\"ImageObject\",\"inLanguage\":\"de\",\"@id\":\"https:\/\/www.phase-6.de\/help\/#\/schema\/logo\/image\/\",\"url\":\"https:\/\/www.phase-6.de\/help\/wp-content\/uploads\/2015\/04\/p6_logo.png\",\"contentUrl\":\"https:\/\/www.phase-6.de\/help\/wp-content\/uploads\/2015\/04\/p6_logo.png\",\"width\":480,\"height\":194,\"caption\":\"phase-6 GmbH\"},\"image\":{\"@id\":\"https:\/\/www.phase-6.de\/help\/#\/schema\/logo\/image\/\"},\"sameAs\":[\"https:\/\/www.facebook.com\/phase6.de\/\"]}]}<\/script>\n<!-- \/ Yoast SEO plugin. -->","yoast_head_json":{"title":"phase6 Help Center","description":"Hier erf\u00e4hrst du, ob du f\u00fcr jedes Kind eine Vokabelsammlung kaufen musst.","robots":{"index":"index","follow":"follow","max-snippet":"max-snippet:-1","max-image-preview":"max-image-preview:large","max-video-preview":"max-video-preview:-1"},"canonical":"https:\/\/www.phase-6.de\/help\/knowledge-base\/muss-ich-fuer-jedes-kind-eine-vokabelsammlung-kaufen\/","og_locale":"de_DE","og_type":"article","og_title":"phase6 Help Center","og_description":"Hier erf\u00e4hrst du, ob du f\u00fcr jedes Kind eine Vokabelsammlung kaufen musst.","og_url":"https:\/\/www.phase-6.de\/help\/knowledge-base\/muss-ich-fuer-jedes-kind-eine-vokabelsammlung-kaufen\/","og_site_name":"phase6 Help Center","article_publisher":"https:\/\/www.facebook.com\/phase6.de\/","article_modified_time":"2026-01-22T12:57:02+00:00","og_image":[{"width":1280,"height":677,"url":"https:\/\/www.phase-6.de\/help\/wp-content\/uploads\/2024\/04\/A-test-15.png","type":"image\/png"}],"twitter_card":"summary_large_image","twitter_misc":{"Gesch\u00e4tzte Lesezeit":"1\u00a0Minute"},"schema":{"@context":"https:\/\/schema.org","@graph":[{"@type":"WebPage","@id":"https:\/\/www.phase-6.de\/help\/knowledge-base\/muss-ich-fuer-jedes-kind-eine-vokabelsammlung-kaufen\/","url":"https:\/\/www.phase-6.de\/help\/knowledge-base\/muss-ich-fuer-jedes-kind-eine-vokabelsammlung-kaufen\/","name":"phase6 Help Center","isPartOf":{"@id":"https:\/\/www.phase-6.de\/help\/#website"},"primaryImageOfPage":{"@id":"https:\/\/www.phase-6.de\/help\/knowledge-base\/muss-ich-fuer-jedes-kind-eine-vokabelsammlung-kaufen\/#primaryimage"},"image":{"@id":"https:\/\/www.phase-6.de\/help\/knowledge-base\/muss-ich-fuer-jedes-kind-eine-vokabelsammlung-kaufen\/#primaryimage"},"thumbnailUrl":"https:\/\/www.phase-6.de\/help\/wp-content\/uploads\/2024\/04\/A-test-15-1024x542.png","datePublished":"2020-07-21T09:21:53+00:00","dateModified":"2026-01-22T12:57:02+00:00","description":"Hier erf\u00e4hrst du, ob du f\u00fcr jedes Kind eine Vokabelsammlung kaufen musst.","breadcrumb":{"@id":"https:\/\/www.phase-6.de\/help\/knowledge-base\/muss-ich-fuer-jedes-kind-eine-vokabelsammlung-kaufen\/#breadcrumb"},"inLanguage":"de","potentialAction":[{"@type":"ReadAction","target":["https:\/\/www.phase-6.de\/help\/knowledge-base\/muss-ich-fuer-jedes-kind-eine-vokabelsammlung-kaufen\/"]}]},{"@type":"ImageObject","inLanguage":"de","@id":"https:\/\/www.phase-6.de\/help\/knowledge-base\/muss-ich-fuer-jedes-kind-eine-vokabelsammlung-kaufen\/#primaryimage","url":"https:\/\/www.phase-6.de\/help\/wp-content\/uploads\/2024\/04\/A-test-15.png","contentUrl":"https:\/\/www.phase-6.de\/help\/wp-content\/uploads\/2024\/04\/A-test-15.png","width":1280,"height":677},{"@type":"BreadcrumbList","@id":"https:\/\/www.phase-6.de\/help\/knowledge-base\/muss-ich-fuer-jedes-kind-eine-vokabelsammlung-kaufen\/#breadcrumb","itemListElement":[{"@type":"ListItem","position":1,"name":"Home","item":"https:\/\/www.phase-6.de\/help\/"},{"@type":"ListItem","position":2,"name":"Muss ich f\u00fcr jedes Kind eine Vokabelsammlung kaufen?"}]},{"@type":"WebSite","@id":"https:\/\/www.phase-6.de\/help\/#website","url":"https:\/\/www.phase-6.de\/help\/","name":"phase6 Help Center","description":"Help","publisher":{"@id":"https:\/\/www.phase-6.de\/help\/#organization"},"potentialAction":[{"@type":"SearchAction","target":{"@type":"EntryPoint","urlTemplate":"https:\/\/www.phase-6.de\/help\/?s={search_term_string}"},"query-input":{"@type":"PropertyValueSpecification","valueRequired":true,"valueName":"search_term_string"}}],"inLanguage":"de"},{"@type":"Organization","@id":"https:\/\/www.phase-6.de\/help\/#organization","name":"phase-6 GmbH","url":"https:\/\/www.phase-6.de\/help\/","logo":{"@type":"ImageObject","inLanguage":"de","@id":"https:\/\/www.phase-6.de\/help\/#\/schema\/logo\/image\/","url":"https:\/\/www.phase-6.de\/help\/wp-content\/uploads\/2015\/04\/p6_logo.png","contentUrl":"https:\/\/www.phase-6.de\/help\/wp-content\/uploads\/2015\/04\/p6_logo.png","width":480,"height":194,"caption":"phase-6 GmbH"},"image":{"@id":"https:\/\/www.phase-6.de\/help\/#\/schema\/logo\/image\/"},"sameAs":["https:\/\/www.facebook.com\/phase6.de\/"]}]}},"_links":{"self":[{"href":"https:\/\/www.phase-6.de\/help\/wp-json\/wp\/v2\/ht-kb\/3494","targetHints":{"allow":["GET"]}}],"collection":[{"href":"https:\/\/www.phase-6.de\/help\/wp-json\/wp\/v2\/ht-kb"}],"about":[{"href":"https:\/\/www.phase-6.de\/help\/wp-json\/wp\/v2\/types\/ht_kb"}],"author":[{"embeddable":true,"href":"https:\/\/www.phase-6.de\/help\/wp-json\/wp\/v2\/users\/1"}],"replies":[{"embeddable":true,"href":"https:\/\/www.phase-6.de\/help\/wp-json\/wp\/v2\/comments?post=3494"}],"version-history":[{"count":9,"href":"https:\/\/www.phase-6.de\/help\/wp-json\/wp\/v2\/ht-kb\/3494\/revisions"}],"predecessor-version":[{"id":17322,"href":"https:\/\/www.phase-6.de\/help\/wp-json\/wp\/v2\/ht-kb\/3494\/revisions\/17322"}],"wp:attachment":[{"href":"https:\/\/www.phase-6.de\/help\/wp-json\/wp\/v2\/media?parent=3494"}],"wp:term":[{"taxonomy":"ht_kb_category","embeddable":true,"href":"https:\/\/www.phase-6.de\/help\/wp-json\/wp\/v2\/ht-kb-category?post=3494"},{"taxonomy":"ht_kb_tag","embeddable":true,"href":"https:\/\/www.phase-6.de\/help\/wp-json\/wp\/v2\/ht-kb-tag?post=3494"}],"curies":[{"name":"wp","href":"https:\/\/api.w.org\/{rel}","templated":true}]}}